{"id":10773,"date":"2026-03-26T08:10:05","date_gmt":"2026-03-26T11:10:05","guid":{"rendered":"https:\/\/www.camarasl.mg.gov.br\/v1\/?page_id=10773"},"modified":"2026-06-14T18:43:30","modified_gmt":"2026-06-14T21:43:30","slug":"processo-seletivo-simplificado-no-012026","status":"publish","type":"page","link":"https:\/\/camarasl.mg.gov.br\/site\/processo-seletivo-simplificado-no-012026\/","title":{"rendered":"Processo Seletivo Simplificado N\u00ba 01\/2026"},"content":{"rendered":"<div id=\"td_uid_1_6a9d485c07364\" class=\"tdc-zone\"><div class=\"tdc_zone td_uid_1_6a9d485c07370_rand  wpb_row td-pb-row\"  >\n<style scoped>\n\n\/* custom css *\/\n.td_uid_1_6a9d485c07370_rand {\r\n                    min-height: 0;\r\n                }\n<\/style><div id=\"td_uid_2_6a9d485c079da\" class=\"tdc-row\"><div class=\"vc_row td_uid_2_6a9d485c079e0_rand  wpb_row td-pb-row\" >\n<style scoped>\n\n\/* custom css *\/\n.td_uid_2_6a9d485c079e0_rand {\r\n                    min-height: 0;\r\n                }\n<\/style><div class=\"vc_column td_uid_3_6a9d485c07c10_rand  wpb_column vc_column_container tdc-column td-pb-span8\">\n<style scoped>\n\n\/* custom css *\/\n.td_uid_3_6a9d485c07c10_rand {\r\n                    vertical-align: baseline;\r\n                }\n<\/style><div class=\"wpb_wrapper\"><div class=\"wpb_wrapper wpb_text_column td_block_wrap td_block_wrap vc_column_text td_uid_4_6a9d485c07d81_rand  td-pb-border-top td_block_template_1\"  data-td-block-uid=\"td_uid_4_6a9d485c07d81\" \"><div class=\"td-block-title-wrap\"><\/div><div class=\"td-fix-index\"><h4>Processo Seletivo Simplificado N\u00ba 01\/2026<\/h4>\n<\/div><\/div><div class=\"wpb_wrapper wpb_text_column td_block_wrap td_block_wrap vc_column_text td_uid_5_6a9d485c0a894_rand  td-pb-border-top td_block_template_1\"  data-td-block-uid=\"td_uid_5_6a9d485c0a894\" \"><div class=\"td-block-title-wrap\"><\/div><div class=\"td-fix-index\"><p><a href=\"https:\/\/camarasl.mg.gov.br\/site\/wp-content\/uploads\/2026\/03\/processosimplificado_012026.png\"><img loading=\"lazy\" decoding=\"async\" class=\"alignnone size-large wp-image-10771\" src=\"https:\/\/camarasl.mg.gov.br\/site\/wp-content\/uploads\/2026\/03\/processosimplificado_012026-1024x222.png\" alt=\"\" width=\"696\" height=\"151\" srcset=\"https:\/\/camarasl.mg.gov.br\/site\/wp-content\/uploads\/2026\/03\/processosimplificado_012026-1024x222.png 1024w, https:\/\/camarasl.mg.gov.br\/site\/wp-content\/uploads\/2026\/03\/processosimplificado_012026-300x65.png 300w, https:\/\/camarasl.mg.gov.br\/site\/wp-content\/uploads\/2026\/03\/processosimplificado_012026-768x167.png 768w, https:\/\/camarasl.mg.gov.br\/site\/wp-content\/uploads\/2026\/03\/processosimplificado_012026-1536x333.png 1536w, https:\/\/camarasl.mg.gov.br\/site\/wp-content\/uploads\/2026\/03\/processosimplificado_012026-2048x444.png 2048w, https:\/\/camarasl.mg.gov.br\/site\/wp-content\/uploads\/2026\/03\/processosimplificado_012026-696x151.png 696w, https:\/\/camarasl.mg.gov.br\/site\/wp-content\/uploads\/2026\/03\/processosimplificado_012026-1068x232.png 1068w, https:\/\/camarasl.mg.gov.br\/site\/wp-content\/uploads\/2026\/03\/processosimplificado_012026-1935x420.png 1935w, https:\/\/camarasl.mg.gov.br\/site\/wp-content\/uploads\/2026\/03\/processosimplificado_012026-1920x417.png 1920w\" sizes=\"auto, (max-width: 696px) 100vw, 696px\" \/><\/a><\/p>\n<\/div><\/div><div class=\"tdm_block td_block_wrap tdm_block_button td_uid_6_6a9d485c0b590_rand tdm-block-button-inline tdm-content-horiz-left td-pb-border-top td_block_template_1\"  data-td-block-uid=\"td_uid_6_6a9d485c0b590\"     >\n<style>\nbody .td_uid_7_6a9d485c0bcfd {\r\n\t\t\t\t\tbackground-color: #0077c6;\r\n\t\t\t\t}\r\n\t\t\t\t\r\n\t\t\t\t.td_uid_7_6a9d485c0bcfd,\r\n\t\t\t\t.td_uid_7_6a9d485c0bcfd:before {\r\n\t\t\t\t\tborder-radius: 5px;\r\n\t\t\t\t}\n<\/style><div class=\"tds-button td-fix-index\"><a \r\n                href=\"https:\/\/camarasl.mg.gov.br\/site\/wp-content\/uploads\/2026\/06\/Termo-de-Revogacao-do-Processo-Seletivo.pdf\" \r\n                class=\"tds-button1 tdm-btn tdm-btn-xlg td_uid_7_6a9d485c0bcfd\"  target=\"_blank\" ><span class=\"tdm-btn-text\">TERMO DE REVOGA\u00c7\u00c3O DO PROCESSO SELETIVO<\/span><\/a><\/div><\/div><div class=\"wpb_wrapper td_block_empty_space td_block_wrap vc_empty_space td_uid_8_6a9d485c0c0e9_rand \"  style=\"height: 10px\"><\/div><div class=\"tdm_block td_block_wrap tdm_block_button td_uid_9_6a9d485c0c14d_rand tdm-block-button-inline tdm-content-horiz-left td-pb-border-top td_block_template_1\"  data-td-block-uid=\"td_uid_9_6a9d485c0c14d\"     >\n<style>\n.td_uid_10_6a9d485c0c599,\r\n\t\t\t\t.td_uid_10_6a9d485c0c599:before {\r\n\t\t\t\t\tborder-radius: 5px;\r\n\t\t\t\t}\n<\/style><div class=\"tds-button td-fix-index\"><a \r\n                href=\"https:\/\/www.camarasl.mg.gov.br\/site\/wp-content\/uploads\/2026\/03\/edital_processosimplificado_012026.pdf\" \r\n                class=\"tds-button1 tdm-btn tdm-btn-xlg td_uid_10_6a9d485c0c599\"  target=\"_blank\" ><span class=\"tdm-btn-text\">EDITAL DE PROCESSO SELETIVO SIMPLIFICADO N\u00ba 01\/2026<\/span><\/a><\/div><\/div><div class=\"wpb_wrapper td_block_empty_space td_block_wrap vc_empty_space td_uid_11_6a9d485c0c800_rand \"  style=\"height: 10px\"><\/div><div class=\"tdm_block td_block_wrap tdm_block_button td_uid_12_6a9d485c0c8da_rand tdm-block-button-inline tdm-content-horiz-left td-pb-border-top td_block_template_1\"  data-td-block-uid=\"td_uid_12_6a9d485c0c8da\"     >\n<style>\n.td_uid_13_6a9d485c0cce6,\r\n\t\t\t\t.td_uid_13_6a9d485c0cce6:before {\r\n\t\t\t\t\tborder-radius: 5px;\r\n\t\t\t\t}\n<\/style><div class=\"tds-button td-fix-index\"><a \r\n                href=\"https:\/\/www.camarasl.mg.gov.br\/site\/wp-content\/uploads\/2026\/04\/012026_edital_termoretificacao.pdf\" \r\n                class=\"tds-button1 tdm-btn tdm-btn-xlg td_uid_13_6a9d485c0cce6\"  target=\"_blank\" ><span class=\"tdm-btn-text\">1\u00ba TERMO DE RETIFICA\u00c7\u00c3O<\/span><\/a><\/div><\/div><div class=\"wpb_wrapper td_block_empty_space td_block_wrap vc_empty_space td_uid_14_6a9d485c0cf40_rand \"  style=\"height: 10px\"><\/div><div class=\"tdm_block td_block_wrap tdm_block_button td_uid_15_6a9d485c0cf8e_rand tdm-block-button-inline tdm-content-horiz-left td-pb-border-top td_block_template_1\"  data-td-block-uid=\"td_uid_15_6a9d485c0cf8e\"     >\n<style>\n.td_uid_16_6a9d485c0d3a3,\r\n\t\t\t\t.td_uid_16_6a9d485c0d3a3:before {\r\n\t\t\t\t\tborder-radius: 5px;\r\n\t\t\t\t}\n<\/style><div class=\"tds-button td-fix-index\"><a \r\n                href=\"https:\/\/www.camarasl.mg.gov.br\/site\/wp-content\/uploads\/2026\/05\/06.-Classificacao-Preliminar.pdf\" \r\n                class=\"tds-button1 tdm-btn tdm-btn-xlg td_uid_16_6a9d485c0d3a3\"  target=\"_blank\" ><span class=\"tdm-btn-text\">CLASSIFICA\u00c7\u00c3O PRELIMINAR<\/span><\/a><\/div><\/div><div class=\"wpb_wrapper td_block_empty_space td_block_wrap vc_empty_space td_uid_17_6a9d485c0d613_rand \"  style=\"height: 10px\"><\/div><div class=\"tdm_block td_block_wrap tdm_block_button td_uid_18_6a9d485c0d661_rand tdm-block-button-inline tdm-content-horiz-left td-pb-border-top td_block_template_1\"  data-td-block-uid=\"td_uid_18_6a9d485c0d661\"     >\n<style>\n.td_uid_19_6a9d485c0da0f,\r\n\t\t\t\t.td_uid_19_6a9d485c0da0f:before {\r\n\t\t\t\t\tborder-radius: 5px;\r\n\t\t\t\t}\n<\/style><div class=\"tds-button td-fix-index\"><a \r\n                href=\"https:\/\/www.camarasl.mg.gov.br\/site\/wp-content\/uploads\/2026\/05\/07.-Classificacao-Preliminar-Auxiliar-Secretaria.pdf\" \r\n                class=\"tds-button1 tdm-btn tdm-btn-xlg td_uid_19_6a9d485c0da0f\"  target=\"_blank\" ><span class=\"tdm-btn-text\">CLASSIFICA\u00c7\u00c3O PRELIMINAR - AUXILIAR DE SECRET\u00c1RIA<\/span><\/a><\/div><\/div><div class=\"wpb_wrapper td_block_empty_space td_block_wrap vc_empty_space td_uid_20_6a9d485c0dc7e_rand \"  style=\"height: 10px\"><\/div><div class=\"tdm_block td_block_wrap tdm_block_button td_uid_21_6a9d485c0dccb_rand tdm-block-button-inline tdm-content-horiz-left td-pb-border-top td_block_template_1\"  data-td-block-uid=\"td_uid_21_6a9d485c0dccb\"     >\n<style>\n.td_uid_22_6a9d485c0e074,\r\n\t\t\t\t.td_uid_22_6a9d485c0e074:before {\r\n\t\t\t\t\tborder-radius: 5px;\r\n\t\t\t\t}\n<\/style><div class=\"tds-button td-fix-index\"><a \r\n                href=\"https:\/\/www.camarasl.mg.gov.br\/site\/wp-content\/uploads\/2026\/05\/08.-Classificacao-Preliminar-Auxiliar-Secretaria-PCD.pdf\" \r\n                class=\"tds-button1 tdm-btn tdm-btn-xlg td_uid_22_6a9d485c0e074\"  target=\"_blank\" ><span class=\"tdm-btn-text\">CLASSIFICA\u00c7\u00c3O PRELIMINAR - AUXILIAR DE SECRET\u00c1RIA - PCD<\/span><\/a><\/div><\/div><div class=\"wpb_wrapper td_block_empty_space td_block_wrap vc_empty_space td_uid_23_6a9d485c0e327_rand \"  style=\"height: 10px\"><\/div><div class=\"tdm_block td_block_wrap tdm_block_button td_uid_24_6a9d485c0e373_rand tdm-block-button-inline tdm-content-horiz-left td-pb-border-top td_block_template_1\"  data-td-block-uid=\"td_uid_24_6a9d485c0e373\"     >\n<style>\n.td_uid_25_6a9d485c0e737,\r\n\t\t\t\t.td_uid_25_6a9d485c0e737:before {\r\n\t\t\t\t\tborder-radius: 5px;\r\n\t\t\t\t}\n<\/style><div class=\"tds-button td-fix-index\"><a \r\n                href=\"https:\/\/camarasl.mg.gov.br\/site\/wp-content\/uploads\/2026\/06\/09.-Classificacao-Preliminar-Auxiliar-Servicos-Gerais.pdf\" \r\n                class=\"tds-button1 tdm-btn tdm-btn-xlg td_uid_25_6a9d485c0e737\"  target=\"_blank\" ><span class=\"tdm-btn-text\">CLASSIFICA\u00c7\u00c3O PRELIMINAR - AUXILIAR SERVI\u00c7OS GERAIS<\/span><\/a><\/div><\/div><div class=\"wpb_wrapper td_block_empty_space td_block_wrap vc_empty_space td_uid_26_6a9d485c0ea1b_rand \"  style=\"height: 10px\"><\/div><div class=\"tdm_block td_block_wrap tdm_block_button td_uid_27_6a9d485c0ea68_rand tdm-block-button-inline tdm-content-horiz-left td-pb-border-top td_block_template_1\"  data-td-block-uid=\"td_uid_27_6a9d485c0ea68\"     >\n<style>\n.td_uid_28_6a9d485c0ee3c,\r\n\t\t\t\t.td_uid_28_6a9d485c0ee3c:before {\r\n\t\t\t\t\tborder-radius: 5px;\r\n\t\t\t\t}\n<\/style><div class=\"tds-button td-fix-index\"><a \r\n                href=\"https:\/\/www.camarasl.mg.gov.br\/site\/wp-content\/uploads\/2026\/05\/10.-Classificacao-Preliminar-Recepcionista.pdf\" \r\n                class=\"tds-button1 tdm-btn tdm-btn-xlg td_uid_28_6a9d485c0ee3c\"  target=\"_blank\" ><span class=\"tdm-btn-text\">CLASSIFICA\u00c7\u00c3O PRELIMINAR - RECEPCIONISTA<\/span><\/a><\/div><\/div><div class=\"wpb_wrapper td_block_empty_space td_block_wrap vc_empty_space td_uid_29_6a9d485c0f09d_rand \"  style=\"height: 10px\"><\/div><div class=\"tdm_block td_block_wrap tdm_block_button td_uid_30_6a9d485c0f11c_rand tdm-block-button-inline tdm-content-horiz-left td-pb-border-top td_block_template_1\"  data-td-block-uid=\"td_uid_30_6a9d485c0f11c\"     >\n<style>\n.td_uid_31_6a9d485c0f4d9,\r\n\t\t\t\t.td_uid_31_6a9d485c0f4d9:before {\r\n\t\t\t\t\tborder-radius: 5px;\r\n\t\t\t\t}\n<\/style><div class=\"tds-button td-fix-index\"><a \r\n                href=\"https:\/\/camarasl.mg.gov.br\/site\/wp-content\/uploads\/2026\/06\/11.-Classificacao-Preliminar-Seguranca.pdf\" \r\n                class=\"tds-button1 tdm-btn tdm-btn-xlg td_uid_31_6a9d485c0f4d9\"  target=\"_blank\" ><span class=\"tdm-btn-text\">CLASSIFICA\u00c7\u00c3O PRELIMINAR - SEGURAN\u00c7A<\/span><\/a><\/div><\/div><div class=\"wpb_wrapper td_block_empty_space td_block_wrap vc_empty_space td_uid_32_6a9d485c0f759_rand \"  style=\"height: 10px\"><\/div><div class=\"tdm_block td_block_wrap tdm_block_button td_uid_33_6a9d485c0f7a5_rand tdm-block-button-inline tdm-content-horiz-left td-pb-border-top td_block_template_1\"  data-td-block-uid=\"td_uid_33_6a9d485c0f7a5\"     >\n<style>\n.td_uid_34_6a9d485c0fb8f,\r\n\t\t\t\t.td_uid_34_6a9d485c0fb8f:before {\r\n\t\t\t\t\tborder-radius: 5px;\r\n\t\t\t\t}\n<\/style><div class=\"tds-button td-fix-index\"><a \r\n                href=\"https:\/\/camarasl.mg.gov.br\/site\/wp-content\/uploads\/2026\/06\/12.-Tabela-de-Desclassificacoes.pdf\" \r\n                class=\"tds-button1 tdm-btn tdm-btn-xlg td_uid_34_6a9d485c0fb8f\"  target=\"_blank\" ><span class=\"tdm-btn-text\">TABELA DE DESCLASSIFICA\u00c7\u00d5ES<\/span><\/a><\/div><\/div><div class=\"wpb_wrapper td_block_empty_space td_block_wrap vc_empty_space td_uid_35_6a9d485c0fe20_rand \"  style=\"height: 10px\"><\/div><div class=\"tdm_block td_block_wrap tdm_block_button td_uid_36_6a9d485c0fe6d_rand tdm-block-button-inline tdm-content-horiz-left td-pb-border-top td_block_template_1\"  data-td-block-uid=\"td_uid_36_6a9d485c0fe6d\"     >\n<style>\n.td_uid_37_6a9d485c10228,\r\n\t\t\t\t.td_uid_37_6a9d485c10228:before {\r\n\t\t\t\t\tborder-radius: 5px;\r\n\t\t\t\t}\n<\/style><div class=\"tds-button td-fix-index\"><a \r\n                href=\"https:\/\/camarasl.mg.gov.br\/site\/wp-content\/uploads\/2026\/06\/15.-Resultado-da-Analise-dos-Recursos.pdf\" \r\n                class=\"tds-button1 tdm-btn tdm-btn-xlg td_uid_37_6a9d485c10228\"  target=\"_blank\" ><span class=\"tdm-btn-text\">RESULTADO DA AN\u00c1LISE DOS RECURSOS<\/span><\/a><\/div><\/div><div class=\"wpb_wrapper td_block_empty_space td_block_wrap vc_empty_space td_uid_38_6a9d485c104ae_rand \"  style=\"height: 10px\"><\/div><div class=\"tdm_block td_block_wrap tdm_block_button td_uid_39_6a9d485c10502_rand tdm-block-button-inline tdm-content-horiz-left td-pb-border-top td_block_template_1\"  data-td-block-uid=\"td_uid_39_6a9d485c10502\"     >\n<style>\n.td_uid_40_6a9d485c108d1,\r\n\t\t\t\t.td_uid_40_6a9d485c108d1:before {\r\n\t\t\t\t\tborder-radius: 5px;\r\n\t\t\t\t}\n<\/style><div class=\"tds-button td-fix-index\"><a \r\n                href=\"https:\/\/camarasl.mg.gov.br\/site\/wp-content\/uploads\/2026\/06\/16.-Classificacao-Final.pdf\" \r\n                class=\"tds-button1 tdm-btn tdm-btn-xlg td_uid_40_6a9d485c108d1\"  target=\"_blank\" ><span class=\"tdm-btn-text\">CLASSIFICA\u00c7\u00c3O FINAL<\/span><\/a><\/div><\/div><div class=\"wpb_wrapper td_block_empty_space td_block_wrap vc_empty_space td_uid_41_6a9d485c10b32_rand \"  style=\"height: 10px\"><\/div><div class=\"tdm_block td_block_wrap tdm_block_button td_uid_42_6a9d485c10b7c_rand tdm-block-button-inline tdm-content-horiz-left td-pb-border-top td_block_template_1\"  data-td-block-uid=\"td_uid_42_6a9d485c10b7c\"     >\n<style>\n.td_uid_43_6a9d485c10f3e,\r\n\t\t\t\t.td_uid_43_6a9d485c10f3e:before {\r\n\t\t\t\t\tborder-radius: 5px;\r\n\t\t\t\t}\n<\/style><div class=\"tds-button td-fix-index\"><a \r\n                href=\"https:\/\/camarasl.mg.gov.br\/site\/wp-content\/uploads\/2026\/06\/17.-Classificacao-Final-Auxiliar-de-Secretaria.pdf\" \r\n                class=\"tds-button1 tdm-btn tdm-btn-xlg td_uid_43_6a9d485c10f3e\"  target=\"_blank\" ><span class=\"tdm-btn-text\">CLASSIFICA\u00c7\u00c3O FINAL - AUXILIAR DE SECRETARIA<\/span><\/a><\/div><\/div><div class=\"wpb_wrapper td_block_empty_space td_block_wrap vc_empty_space td_uid_44_6a9d485c111b9_rand \"  style=\"height: 10px\"><\/div><div class=\"tdm_block td_block_wrap tdm_block_button td_uid_45_6a9d485c11202_rand tdm-block-button-inline tdm-content-horiz-left td-pb-border-top td_block_template_1\"  data-td-block-uid=\"td_uid_45_6a9d485c11202\"     >\n<style>\n.td_uid_46_6a9d485c115c3,\r\n\t\t\t\t.td_uid_46_6a9d485c115c3:before {\r\n\t\t\t\t\tborder-radius: 5px;\r\n\t\t\t\t}\n<\/style><div class=\"tds-button td-fix-index\"><a \r\n                href=\"https:\/\/camarasl.mg.gov.br\/site\/wp-content\/uploads\/2026\/06\/18.-Classificacao-Final-Auxiliar-de-Secretaria-PCD.pdf\" \r\n                class=\"tds-button1 tdm-btn tdm-btn-xlg td_uid_46_6a9d485c115c3\"  target=\"_blank\" ><span class=\"tdm-btn-text\">CLASSIFICA\u00c7\u00c3O FINAL - AUXILIAR DE SECRETARIA - PCD<\/span><\/a><\/div><\/div><div class=\"wpb_wrapper td_block_empty_space td_block_wrap vc_empty_space td_uid_47_6a9d485c11869_rand \"  style=\"height: 10px\"><\/div><div class=\"tdm_block td_block_wrap tdm_block_button td_uid_48_6a9d485c118b3_rand tdm-block-button-inline tdm-content-horiz-left td-pb-border-top td_block_template_1\"  data-td-block-uid=\"td_uid_48_6a9d485c118b3\"     >\n<style>\n.td_uid_49_6a9d485c11c68,\r\n\t\t\t\t.td_uid_49_6a9d485c11c68:before {\r\n\t\t\t\t\tborder-radius: 5px;\r\n\t\t\t\t}\n<\/style><div class=\"tds-button td-fix-index\"><a \r\n                href=\"https:\/\/camarasl.mg.gov.br\/site\/wp-content\/uploads\/2026\/06\/19.-Classificacao-Final-Auxiliar-de-Servicos-Gerais.pdf\" \r\n                class=\"tds-button1 tdm-btn tdm-btn-xlg td_uid_49_6a9d485c11c68\"  target=\"_blank\" ><span class=\"tdm-btn-text\">CLASSIFICA\u00c7\u00c3O FINAL - AUXILIAR DE SERVI\u00c7OS GERAIS<\/span><\/a><\/div><\/div><div class=\"wpb_wrapper td_block_empty_space td_block_wrap vc_empty_space td_uid_50_6a9d485c11ecb_rand \"  style=\"height: 10px\"><\/div><div class=\"tdm_block td_block_wrap tdm_block_button td_uid_51_6a9d485c11f14_rand tdm-block-button-inline tdm-content-horiz-left td-pb-border-top td_block_template_1\"  data-td-block-uid=\"td_uid_51_6a9d485c11f14\"     >\n<style>\n.td_uid_52_6a9d485c122cd,\r\n\t\t\t\t.td_uid_52_6a9d485c122cd:before {\r\n\t\t\t\t\tborder-radius: 5px;\r\n\t\t\t\t}\n<\/style><div class=\"tds-button td-fix-index\"><a \r\n                href=\"https:\/\/camarasl.mg.gov.br\/site\/wp-content\/uploads\/2026\/06\/20.-Classificacao-Final-Recepcionista.pdf\" \r\n                class=\"tds-button1 tdm-btn tdm-btn-xlg td_uid_52_6a9d485c122cd\"  target=\"_blank\" ><span class=\"tdm-btn-text\">CLASSIFICA\u00c7\u00c3O FINAL - RECEPCIONISTA<\/span><\/a><\/div><\/div><div class=\"wpb_wrapper td_block_empty_space td_block_wrap vc_empty_space td_uid_53_6a9d485c1255b_rand \"  style=\"height: 10px\"><\/div><div class=\"tdm_block td_block_wrap tdm_block_button td_uid_54_6a9d485c125a2_rand tdm-block-button-inline tdm-content-horiz-left td-pb-border-top td_block_template_1\"  data-td-block-uid=\"td_uid_54_6a9d485c125a2\"     >\n<style>\n.td_uid_55_6a9d485c12930,\r\n\t\t\t\t.td_uid_55_6a9d485c12930:before {\r\n\t\t\t\t\tborder-radius: 5px;\r\n\t\t\t\t}\n<\/style><div class=\"tds-button td-fix-index\"><a \r\n                href=\"https:\/\/camarasl.mg.gov.br\/site\/wp-content\/uploads\/2026\/06\/21.-Classificacao-Final-Seguranca.pdf\" \r\n                class=\"tds-button1 tdm-btn tdm-btn-xlg td_uid_55_6a9d485c12930\"  target=\"_blank\" ><span class=\"tdm-btn-text\">CLASSIFICA\u00c7\u00c3O FINAL - SEGURAN\u00c7A<\/span><\/a><\/div><\/div><div class=\"wpb_wrapper td_block_empty_space td_block_wrap vc_empty_space td_uid_56_6a9d485c12ba9_rand \"  style=\"height: 10px\"><\/div><div class=\"tdm_block td_block_wrap tdm_block_button td_uid_57_6a9d485c12c17_rand tdm-block-button-inline tdm-content-horiz-left td-pb-border-top td_block_template_1\"  data-td-block-uid=\"td_uid_57_6a9d485c12c17\"     >\n<style>\n.td_uid_58_6a9d485c12fd4,\r\n\t\t\t\t.td_uid_58_6a9d485c12fd4:before {\r\n\t\t\t\t\tborder-radius: 5px;\r\n\t\t\t\t}\n<\/style><div class=\"tds-button td-fix-index\"><a \r\n                href=\"https:\/\/camarasl.mg.gov.br\/site\/wp-content\/uploads\/2026\/06\/22.-Tabela-de-Desclassificacoes-Consolidada.pdf\" \r\n                class=\"tds-button1 tdm-btn tdm-btn-xlg td_uid_58_6a9d485c12fd4\"  target=\"_blank\" ><span class=\"tdm-btn-text\">TABELA DE DESCLASSIFICA\u00c7\u00d5ES CONSOLIDADA<\/span><\/a><\/div><\/div><div class=\"wpb_wrapper td_block_empty_space td_block_wrap vc_empty_space td_uid_59_6a9d485c13228_rand \"  style=\"height: 10px\"><\/div><div class=\"tdm_block td_block_wrap tdm_block_button td_uid_60_6a9d485c1326e_rand tdm-block-button-inline tdm-content-horiz-left td-pb-border-top td_block_template_1\"  data-td-block-uid=\"td_uid_60_6a9d485c1326e\"     >\n<style>\n.td_uid_61_6a9d485c1363b,\r\n\t\t\t\t.td_uid_61_6a9d485c1363b:before {\r\n\t\t\t\t\tborder-radius: 5px;\r\n\t\t\t\t}\n<\/style><div class=\"tds-button td-fix-index\"><a \r\n                href=\"https:\/\/www.camarasl.mg.gov.br\/site\/wp-content\/uploads\/2026\/05\/portaria-34.pdf\" \r\n                class=\"tds-button1 tdm-btn tdm-btn-xlg td_uid_61_6a9d485c1363b\"  target=\"_blank\" ><span class=\"tdm-btn-text\">HOMOLOGA\u00c7\u00c3O DA CLASSIFICA\u00c7\u00c3O FINAL<\/span><\/a><\/div><\/div><\/div><\/div><div class=\"vc_column td_uid_62_6a9d485c138b3_rand  wpb_column vc_column_container tdc-column td-pb-span4\">\n<style scoped>\n\n\/* custom css *\/\n.td_uid_62_6a9d485c138b3_rand {\r\n                    vertical-align: baseline;\r\n                }\n<\/style><div class=\"wpb_wrapper\"><div class=\"wpb_wrapper td_block_wrap vc_widget_sidebar td_uid_63_6a9d485c139f7_rand \" ><div class=\"td_block_wrap td_block_text_with_title td_block_widget td_uid_64_6a9d485c13cc1_rand td-pb-border-top td_block_template_1\"  data-td-block-uid=\"td_uid_64_6a9d485c13cc1\" ><div class=\"td-block-title-wrap\"><h4 class=\"block-title td-block-title\"><span class=\"td-pulldown-size\">Pr\u00f3ximos Eventos<\/span><\/h4><\/div><div class=\"td_mod_wrap td-fix-index\"><\/div><\/div><div  class=\"tribe-compatibility-container\" >\n\t<div\n\t\t class=\"tribe-common tribe-events tribe-events-view tribe-events-view--widget-events-list tribe-events-widget\" \t\tdata-js=\"tribe-events-view\"\n\t\tdata-view-rest-url=\"https:\/\/camarasl.mg.gov.br\/site\/wp-json\/tribe\/views\/v2\/html\"\n\t\tdata-view-manage-url=\"1\"\n\t\t\t\t\t\t\tdata-view-breakpoint-pointer=\"4b556019-d525-409f-b43e-cc926a7a85b8\"\n\t\t\t>\n\t\t<div class=\"tribe-events-widget-events-list\">\n\n\t\t\t\n\t\t\t<script data-js=\"tribe-events-view-data\" type=\"application\/json\">\n\t{\"slug\":\"widget-events-list\",\"prev_url\":\"\",\"next_url\":\"\",\"view_class\":\"Tribe\\\\Events\\\\Views\\\\V2\\\\Views\\\\Widgets\\\\Widget_List_View\",\"view_slug\":\"widget-events-list\",\"view_label\":\"View\",\"view\":null,\"should_manage_url\":true,\"id\":null,\"alias-slugs\":null,\"title\":\"Pr\\u00f3ximos Eventos \\u2013 C\\u00e2mara Municipal de S\\u00e3o Louren\\u00e7o \\u2013 MG\",\"limit\":\"3\",\"no_upcoming_events\":false,\"featured_events_only\":false,\"jsonld_enable\":true,\"tribe_is_list_widget\":false,\"admin_fields\":{\"title\":{\"label\":\"T\\u00edtulo:\",\"type\":\"text\",\"parent_classes\":\"\",\"classes\":\"\",\"dependency\":\"\",\"id\":\"widget-tribe-widget-events-list-2-title\",\"name\":\"widget-tribe-widget-events-list[2][title]\",\"options\":[],\"placeholder\":\"\",\"value\":null},\"limit\":{\"label\":\"Mostrar:\",\"type\":\"number\",\"default\":5,\"min\":1,\"max\":10,\"step\":1,\"parent_classes\":\"\",\"classes\":\"\",\"dependency\":\"\",\"id\":\"widget-tribe-widget-events-list-2-limit\",\"name\":\"widget-tribe-widget-events-list[2][limit]\",\"options\":[],\"placeholder\":\"\",\"value\":null},\"no_upcoming_events\":{\"label\":\"Hide this widget if there are no upcoming events.\",\"type\":\"checkbox\",\"parent_classes\":\"\",\"classes\":\"\",\"dependency\":\"\",\"id\":\"widget-tribe-widget-events-list-2-no_upcoming_events\",\"name\":\"widget-tribe-widget-events-list[2][no_upcoming_events]\",\"options\":[],\"placeholder\":\"\",\"value\":null},\"featured_events_only\":{\"label\":\"Limite apenas a eventos em destaque\",\"type\":\"checkbox\",\"parent_classes\":\"\",\"classes\":\"\",\"dependency\":\"\",\"id\":\"widget-tribe-widget-events-list-2-featured_events_only\",\"name\":\"widget-tribe-widget-events-list[2][featured_events_only]\",\"options\":[],\"placeholder\":\"\",\"value\":null},\"jsonld_enable\":{\"label\":\"Gerar dados JSON-LD\",\"type\":\"checkbox\",\"parent_classes\":\"\",\"classes\":\"\",\"dependency\":\"\",\"id\":\"widget-tribe-widget-events-list-2-jsonld_enable\",\"name\":\"widget-tribe-widget-events-list[2][jsonld_enable]\",\"options\":[],\"placeholder\":\"\",\"value\":null}},\"events\":[],\"url\":\"https:\\\/\\\/camarasl.mg.gov.br\\\/site\\\/?post_type=tribe_events&eventDisplay=widget-events-list\",\"url_event_date\":false,\"bar\":{\"keyword\":\"\",\"date\":\"\"},\"today\":\"2026-09-06 00:00:00\",\"now\":\"2026-09-06 08:02:52\",\"home_url\":\"https:\\\/\\\/camarasl.mg.gov.br\\\/site\",\"rest_url\":\"https:\\\/\\\/camarasl.mg.gov.br\\\/site\\\/wp-json\\\/tribe\\\/views\\\/v2\\\/html\",\"rest_method\":\"GET\",\"rest_nonce\":\"\",\"today_url\":\"https:\\\/\\\/camarasl.mg.gov.br\\\/site\\\/?post_type=tribe_events&eventDisplay=widget-events-list&rest_route=%2Fwp%2Fv2%2Fpages%2F10773\",\"today_title\":\"Clique para selecionar o dia de hoje\",\"today_label\":\"Hoje\",\"prev_label\":\"\",\"next_label\":\"\",\"date_formats\":{\"compact\":\"n\\\/j\\\/Y\",\"month_and_year_compact\":\"n\\\/j\\\/Y\",\"month_and_year\":\"F Y\",\"time_range_separator\":\" - \",\"date_time_separator\":\" @ \"},\"messages\":{\"notice\":[\"N\\u00e3o h\\u00e1 eventos futuros. \"]},\"start_of_week\":\"1\",\"header_title\":\"\",\"header_title_element\":\"h1\",\"content_title\":\"\",\"show_content_title\":false,\"breadcrumbs\":[],\"backlink\":false,\"before_events\":\"\",\"after_events\":\"\\n<!--\\nThis calendar is powered by The Events Calendar.\\nhttp:\\\/\\\/evnt.is\\\/18wn\\n-->\\n\",\"display_events_bar\":false,\"disable_event_search\":false,\"live_refresh\":true,\"ical\":{\"display_link\":true,\"link\":{\"url\":\"https:\\\/\\\/camarasl.mg.gov.br\\\/site\\\/?post_type=tribe_events&#038;eventDisplay=widget-events-list&#038;ical=1\",\"text\":\"Exportar Eventos\",\"title\":\"Use isto para compartilhar dados do calend\\u00e1rio com o Google Agenda, Apple iCal e outros aplicativos compat\\u00edveis\"}},\"container_classes\":[\"tribe-common\",\"tribe-events\",\"tribe-events-view\",\"tribe-events-view--widget-events-list\",\"tribe-events-widget\"],\"container_data\":[],\"is_past\":false,\"breakpoints\":{\"xsmall\":500,\"medium\":768,\"full\":960},\"breakpoint_pointer\":\"4b556019-d525-409f-b43e-cc926a7a85b8\",\"is_initial_load\":false,\"public_views\":{\"list\":{\"view_class\":\"Tribe\\\\Events\\\\Views\\\\V2\\\\Views\\\\List_View\",\"view_url\":\"https:\\\/\\\/camarasl.mg.gov.br\\\/site\\\/events\\\/lista\\\/\",\"view_label\":\"Lista\",\"aria_label\":\"Display Eventos in Lista View\"},\"month\":{\"view_class\":\"Tribe\\\\Events\\\\Views\\\\V2\\\\Views\\\\Month_View\",\"view_url\":\"https:\\\/\\\/camarasl.mg.gov.br\\\/site\\\/events\\\/mes\\\/\",\"view_label\":\"M\\u00eas\",\"aria_label\":\"Display Eventos in M\\u00eas View\"},\"day\":{\"view_class\":\"Tribe\\\\Events\\\\Views\\\\V2\\\\Views\\\\Day_View\",\"view_url\":\"https:\\\/\\\/camarasl.mg.gov.br\\\/site\\\/events\\\/hoje\\\/\",\"view_label\":\"Dia\",\"aria_label\":\"Display Eventos in Dia View\"}},\"show_latest_past\":false,\"past\":false,\"compatibility_classes\":[\"tribe-compatibility-container\"],\"view_more_text\":\"Ver Calend\\u00e1rio\",\"view_more_title\":\"Ver mais eventos.\",\"view_more_link\":\"https:\\\/\\\/camarasl.mg.gov.br\\\/site\\\/events\\\/\",\"widget_title\":\"\",\"hide_if_no_upcoming_events\":false,\"display\":[],\"subscribe_links\":{\"gcal\":{\"label\":\"Google Agenda\",\"single_label\":\"Adicionar ao Google Agenda\",\"visible\":true,\"block_slug\":\"hasGoogleCalendar\"},\"ical\":{\"label\":\"iCalendar\",\"single_label\":\"Adicionar ao iCalendar\",\"visible\":true,\"block_slug\":\"hasiCal\"},\"outlook-365\":{\"label\":\"Outlook 365\",\"single_label\":\"Outlook 365\",\"visible\":true,\"block_slug\":\"hasOutlook365\"},\"outlook-live\":{\"label\":\"Outlook Live\",\"single_label\":\"Outlook Live\",\"visible\":true,\"block_slug\":\"hasOutlookLive\"},\"ics\":{\"label\":\"Exportar arquivo .ics\",\"single_label\":\"Exportar arquivo .ics\",\"visible\":true,\"block_slug\":null},\"outlook-ics\":{\"label\":\"Exportar arquivo Outlook .ics \",\"single_label\":\"Exportar arquivo Outlook .ics \",\"visible\":true,\"block_slug\":null}},\"_context\":{\"slug\":\"widget-events-list\"}}<\/script>\n\n\t\t\t\n\t\t\t\n\t\t\t\t<div  class=\"tribe-events-header__messages tribe-events-c-messages tribe-common-b2\"  >\n\t\t\t<div class=\"tribe-events-c-messages__message tribe-events-c-messages__message--notice\" tabindex=\"0\" role=\"alert\" aria-live=\"assertive\">\n\t\t\t<svg\n\t class=\"tribe-common-c-svgicon tribe-common-c-svgicon--messages-not-found tribe-events-c-messages__message-icon-svg\" \taria-hidden=\"true\"\n\tviewBox=\"0 0 21 23\"\n\txmlns=\"http:\/\/www.w3.org\/2000\/svg\"\n>\n\t<g fill-rule=\"evenodd\">\n\t\t<path d=\"M.5 2.5h20v20H.5z\"\/>\n\t\t<path stroke-linecap=\"round\" d=\"M7.583 11.583l5.834 5.834m0-5.834l-5.834 5.834\" class=\"tribe-common-c-svgicon__svg-stroke\"\/>\n\t\t<path stroke-linecap=\"round\" d=\"M4.5.5v4m12-4v4\"\/>\n\t\t<path stroke-linecap=\"square\" d=\"M.5 7.5h20\"\/>\n\t<\/g>\n<\/svg>\n<span class=\"tribe-common-a11y-visual-hide\">\n\tNotice<\/span>\n\t\t\t\t\t\t\t<div\n\t\t\t\t\t data-key=\"0\" >\n\t\t\t\t\tN\u00e3o h\u00e1 eventos futuros. \t\t\t\t<\/div>\n\t\t\t\t\t<\/div>\n\t<\/div>\n\n\t\t\t\t\t<\/div>\n\t<\/div>\n<\/div>\n<script data-js='tribe-events-view-nonce-data' type='application\/json'>{\"tvn1\":\"8992fd78c2\",\"tvn2\":\"\"}<\/script><div class=\"td_block_wrap td_block_text_with_title td_block_widget td_uid_65_6a9d485c1f0c3_rand td-pb-border-top td_block_template_1\"  data-td-block-uid=\"td_uid_65_6a9d485c1f0c3\" ><div class=\"td-block-title-wrap\"><h4 class=\"block-title td-block-title\"><span class=\"td-pulldown-size\">Assista \u00e0s Sess\u00f5es da C\u00e2mara<\/span><\/h4><\/div><div class=\"td_mod_wrap td-fix-index\"><\/div><\/div><aside class=\"td_block_template_1 widget widget_block\"><a href=\"http:\/\/aovivo.legislador.com.br\/legislador_332.html\" target=\"_blank\"><img loading=\"lazy\" decoding=\"async\" class=\"size-full wp-image-7490 alignleft\" src=\"https:\/\/camarasl.mg.gov.br\/site\/wp-content\/uploads\/2023\/04\/ico_sessaoaovivo.png\" alt=\"\" width=\"324\" height=\"68\" srcset=\"https:\/\/camarasl.mg.gov.br\/site\/wp-content\/uploads\/2023\/04\/ico_sessaoaovivo.png 324w, https:\/\/camarasl.mg.gov.br\/site\/wp-content\/uploads\/2023\/04\/ico_sessaoaovivo-300x63.png 300w\" sizes=\"auto, (max-width: 324px) 100vw, 324px\" \/><\/a>\n\n<a href=\"https:\/\/www.legislador.com.br\/\/legisladorweb.asp?WCI=VideoConsulta&ID=332&\" target=\"_blank\"><img loading=\"lazy\" decoding=\"async\" class=\"size-full wp-image-7491 alignleft\" src=\"https:\/\/camarasl.mg.gov.br\/site\/wp-content\/uploads\/2023\/04\/ico_sessoesanteriores.png\" alt=\"\" width=\"324\" height=\"68\" srcset=\"https:\/\/camarasl.mg.gov.br\/site\/wp-content\/uploads\/2023\/04\/ico_sessoesanteriores.png 324w, https:\/\/camarasl.mg.gov.br\/site\/wp-content\/uploads\/2023\/04\/ico_sessoesanteriores-300x63.png 300w\" sizes=\"auto, (max-width: 324px) 100vw, 324px\" \/><\/a><\/aside><div class=\"td_block_wrap td_block_text_with_title td_block_widget td_uid_66_6a9d485c20125_rand td-pb-border-top td_block_template_1\"  data-td-block-uid=\"td_uid_66_6a9d485c20125\" ><div class=\"td-block-title-wrap\"><h4 class=\"block-title td-block-title\"><span class=\"td-pulldown-size\">Redes Sociais<\/span><\/h4><\/div><div class=\"td_mod_wrap td-fix-index\"><\/div><\/div><aside class=\"td_block_template_1 widget widget_block\"><a href=\"https:\/\/www.facebook.com\/camarasaolourenco\/\" target=\"_blank\"><img loading=\"lazy\" decoding=\"async\" class=\"size-full wp-image-7486 alignleft\" src=\"https:\/\/camarasl.mg.gov.br\/site\/wp-content\/uploads\/2023\/04\/ico_facebook.png\" alt=\"\" width=\"324\" height=\"68\" srcset=\"https:\/\/camarasl.mg.gov.br\/site\/wp-content\/uploads\/2023\/04\/ico_facebook.png 324w, https:\/\/camarasl.mg.gov.br\/site\/wp-content\/uploads\/2023\/04\/ico_facebook-300x63.png 300w\" sizes=\"auto, (max-width: 324px) 100vw, 324px\" \/><\/a>\n\n<a href=\"https:\/\/www.instagram.com\/camara.saolourenco\/\" target=\"_blank\"><img loading=\"lazy\" decoding=\"async\" class=\"size-full wp-image-7484 alignleft\" src=\"https:\/\/camarasl.mg.gov.br\/site\/wp-content\/uploads\/2023\/04\/ico_instragram_3.png\" alt=\"\" width=\"324\" height=\"68\" srcset=\"https:\/\/camarasl.mg.gov.br\/site\/wp-content\/uploads\/2023\/04\/ico_instragram_3.png 324w, https:\/\/camarasl.mg.gov.br\/site\/wp-content\/uploads\/2023\/04\/ico_instragram_3-300x63.png 300w\" sizes=\"auto, (max-width: 324px) 100vw, 324px\" \/><\/a>\n\n<a href=\"https:\/\/www.youtube.com\/channel\/UCcbh54kNi0d1j3iucSchYdA\" target=\"_blank\"><img loading=\"lazy\" decoding=\"async\" class=\"size-full wp-image-7488 alignleft\" src=\"https:\/\/camarasl.mg.gov.br\/site\/wp-content\/uploads\/2023\/04\/ico_youtube.png\" alt=\"\" width=\"324\" height=\"68\" srcset=\"https:\/\/camarasl.mg.gov.br\/site\/wp-content\/uploads\/2023\/04\/ico_youtube.png 324w, https:\/\/camarasl.mg.gov.br\/site\/wp-content\/uploads\/2023\/04\/ico_youtube-300x63.png 300w\" sizes=\"auto, (max-width: 324px) 100vw, 324px\" \/><\/a><\/aside><div class=\"td_block_wrap td_block_text_with_title td_block_widget td_uid_67_6a9d485c20eff_rand td-pb-border-top td_block_template_1\"  data-td-block-uid=\"td_uid_67_6a9d485c20eff\" ><div class=\"td-block-title-wrap\"><h4 class=\"block-title td-block-title\"><span class=\"td-pulldown-size\">Acesse as Leis Municipais<\/span><\/h4><\/div><div class=\"td_mod_wrap td-fix-index\"><\/div><\/div><aside class=\"td_block_template_1 widget widget_block\"><a href=\"https:\/\/leismunicipais.com.br\/camara\/mg\/saolourenco\" target=\"_blank\"><img loading=\"lazy\" decoding=\"async\" class=\"size-full wp-image-11713 alignleft\" src=\"https:\/\/camarasl.mg.gov.br\/site\/wp-content\/uploads\/2026\/06\/leimunicipal.jpg\" alt=\"\" width=\"324\" height=\"150\" srcset=\"https:\/\/camarasl.mg.gov.br\/site\/wp-content\/uploads\/2026\/06\/leimunicipal.jpg 324w, https:\/\/camarasl.mg.gov.br\/site\/wp-content\/uploads\/2026\/06\/leimunicipal-300x139.jpg 300w\" sizes=\"auto, (max-width: 324px) 100vw, 324px\" \/><\/a><\/aside><div class=\"td_block_wrap td_block_text_with_title td_block_widget td_uid_68_6a9d485c21ac1_rand td-pb-border-top td_block_template_1\"  data-td-block-uid=\"td_uid_68_6a9d485c21ac1\" ><div class=\"td-block-title-wrap\"><h4 class=\"block-title td-block-title\"><span class=\"td-pulldown-size\">e-SIC<\/span><\/h4><\/div><div class=\"td_mod_wrap td-fix-index\"><\/div><\/div><aside class=\"td_block_template_1 widget widget_block\"><a href=\"http:\/\/transparencia.camarasl.mg.gov.br\/Ocorrencia\/Create\" target=\"_blank\"><img loading=\"lazy\" decoding=\"async\" class=\"size-full wp-image-7638 alignleft\" src=\"https:\/\/camarasl.mg.gov.br\/site\/wp-content\/uploads\/2018\/03\/b1-1.jpg\" alt=\"\" width=\"450\" height=\"195\" srcset=\"https:\/\/camarasl.mg.gov.br\/site\/wp-content\/uploads\/2018\/03\/b1-1.jpg 450w, https:\/\/camarasl.mg.gov.br\/site\/wp-content\/uploads\/2018\/03\/b1-1-300x130.jpg 300w\" sizes=\"auto, (max-width: 450px) 100vw, 450px\" \/><\/a><\/aside><div class=\"td_block_wrap td_block_text_with_title td_block_widget td_uid_69_6a9d485c2269d_rand td-pb-border-top td_block_template_1\"  data-td-block-uid=\"td_uid_69_6a9d485c2269d\" ><div class=\"td-block-title-wrap\"><h4 class=\"block-title td-block-title\"><span class=\"td-pulldown-size\">Ouvidoria<\/span><\/h4><\/div><div class=\"td_mod_wrap td-fix-index\"><\/div><\/div><aside class=\"td_block_template_1 widget widget_block\"><a href=\"http:\/\/transparencia.camarasl.mg.gov.br\/Ocorrencia\/Create\" target=\"_blank\"><img loading=\"lazy\" decoding=\"async\" class=\"size-full wp-image-7639 alignleft\" src=\"https:\/\/camarasl.mg.gov.br\/site\/wp-content\/uploads\/2018\/03\/b2-1.jpg\" alt=\"\" width=\"450\" height=\"155\" srcset=\"https:\/\/camarasl.mg.gov.br\/site\/wp-content\/uploads\/2018\/03\/b2-1.jpg 450w, https:\/\/camarasl.mg.gov.br\/site\/wp-content\/uploads\/2018\/03\/b2-1-300x103.jpg 300w\" sizes=\"auto, (max-width: 450px) 100vw, 450px\" \/><\/a><\/aside><div class=\"td_block_wrap td_block_text_with_title td_block_widget td_uid_70_6a9d485c23276_rand td-pb-border-top td_block_template_1\"  data-td-block-uid=\"td_uid_70_6a9d485c23276\" ><div class=\"td-block-title-wrap\"><h4 class=\"block-title td-block-title\"><span class=\"td-pulldown-size\">Portal de Contracheques<\/span><\/h4><\/div><div class=\"td_mod_wrap td-fix-index\"><\/div><\/div><aside class=\"td_block_template_1 widget widget_block\">\n<div class=\"wp-block-buttons is-layout-flex wp-block-buttons-is-layout-flex\">\n<div class=\"wp-block-button\"><a class=\"wp-block-button__link wp-element-button\" href=\"https:\/\/cm-slourenco.contracheque.siplanweb.com.br\/login\">Acessar o Portal de Contracheques<\/a><\/div>\n<\/div>\n<\/aside><\/div><\/div><\/div><\/div><\/div><\/div><\/div>\r\n\t\t\t<script>\r\n\r\n\t\t\t\tjQuery(window).load(function () {\r\n\r\n                    var $content = jQuery('body').find('#tdc-live-iframe'),\r\n                        refWindow = undefined;\r\n\r\n                    if ($content.length) {\r\n                        $content = $content.contents();\r\n                        refWindow = document.getElementById('tdc-live-iframe').contentWindow || document.getElementById('tdc-live-iframe').contentDocument;\r\n\r\n                    } else {\r\n                        $content = jQuery('body');\r\n                        refWindow = window;\r\n                    }\r\n\r\n                    $content.find('#td_uid_1_6a9d485c07364 .td-element-style').each(function (index, element) {\r\n                        \/\/jQuery(element).css('opacity', 1);\r\n                        return;\r\n                    });\r\n                });\r\n\r\n\t\t\t<\/script>\r\n\r\n\t\t\t","protected":false},"excerpt":{"rendered":"","protected":false},"author":2,"featured_media":0,"parent":0,"menu_order":0,"comment_status":"closed","ping_status":"closed","template":"","meta":{"footnotes":""},"class_list":["post-10773","page","type-page","status-publish","hentry"],"_links":{"self":[{"href":"https:\/\/camarasl.mg.gov.br\/site\/wp-json\/wp\/v2\/pages\/10773","targetHints":{"allow":["GET"]}}],"collection":[{"href":"https:\/\/camarasl.mg.gov.br\/site\/wp-json\/wp\/v2\/pages"}],"about":[{"href":"https:\/\/camarasl.mg.gov.br\/site\/wp-json\/wp\/v2\/types\/page"}],"author":[{"embeddable":true,"href":"https:\/\/camarasl.mg.gov.br\/site\/wp-json\/wp\/v2\/users\/2"}],"replies":[{"embeddable":true,"href":"https:\/\/camarasl.mg.gov.br\/site\/wp-json\/wp\/v2\/comments?post=10773"}],"version-history":[{"count":18,"href":"https:\/\/camarasl.mg.gov.br\/site\/wp-json\/wp\/v2\/pages\/10773\/revisions"}],"predecessor-version":[{"id":11823,"href":"https:\/\/camarasl.mg.gov.br\/site\/wp-json\/wp\/v2\/pages\/10773\/revisions\/11823"}],"wp:attachment":[{"href":"https:\/\/camarasl.mg.gov.br\/site\/wp-json\/wp\/v2\/media?parent=10773"}],"curies":[{"name":"wp","href":"https:\/\/api.w.org\/{rel}","templated":true}]}}